{"version":"1.0","provider_name":"Aerocycle","provider_url":"https:\/\/www.aerocycle.com\/fr\/","author_name":"Aerocycle","author_url":"https:\/\/www.aerocycle.com\/fr\/author\/aerocycle\/","title":"Aerocycle dans les m\u00e9dias | Juillet\u00a02019 - Aerocycle","type":"rich","width":600,"height":338,"html":"<blockquote class=\"wp-embedded-content\" data-secret=\"TsdutcUB5b\"><a href=\"https:\/\/www.aerocycle.com\/fr\/2019\/08\/07\/aerocycle-dans-les-medias-juillet-2019\/\">Aerocycle dans les m\u00e9dias | Juillet\u00a02019<\/a><\/blockquote><iframe sandbox=\"allow-scripts\" security=\"restricted\" src=\"https:\/\/www.aerocycle.com\/fr\/2019\/08\/07\/aerocycle-dans-les-medias-juillet-2019\/embed\/#?secret=TsdutcUB5b\" width=\"600\" height=\"338\" title=\"\u00ab\u00a0Aerocycle dans les m\u00e9dias | Juillet\u00a02019\u00a0\u00bb &#8212; Aerocycle\" data-secret=\"TsdutcUB5b\" frameborder=\"0\" marginwidth=\"0\" marginheight=\"0\" scrolling=\"no\" class=\"wp-embedded-content\"><\/iframe><script type=\"text\/javascript\">\n\/* <![CDATA[ *\/\n\/*! This file is auto-generated *\/\n!function(d,l){\"use strict\";l.querySelector&&d.addEventListener&&\"undefined\"!=typeof URL&&(d.wp=d.wp||{},d.wp.receiveEmbedMessage||(d.wp.receiveEmbedMessage=function(e){var t=e.data;if((t||t.secret||t.message||t.value)&&!\/[^a-zA-Z0-9]\/.test(t.secret)){for(var s,r,n,a=l.querySelectorAll('iframe[data-secret=\"'+t.secret+'\"]'),o=l.querySelectorAll('blockquote[data-secret=\"'+t.secret+'\"]'),c=new RegExp(\"^https?:$\",\"i\"),i=0;i<o.length;i++)o[i].style.display=\"none\";for(i=0;i<a.length;i++)s=a[i],e.source===s.contentWindow&&(s.removeAttribute(\"style\"),\"height\"===t.message?(1e3<(r=parseInt(t.value,10))?r=1e3:~~r<200&&(r=200),s.height=r):\"link\"===t.message&&(r=new URL(s.getAttribute(\"src\")),n=new URL(t.value),c.test(n.protocol))&&n.host===r.host&&l.activeElement===s&&(d.top.location.href=t.value))}},d.addEventListener(\"message\",d.wp.receiveEmbedMessage,!1),l.addEventListener(\"DOMContentLoaded\",function(){for(var e,t,s=l.querySelectorAll(\"iframe.wp-embedded-content\"),r=0;r<s.length;r++)(t=(e=s[r]).getAttribute(\"data-secret\"))||(t=Math.random().toString(36).substring(2,12),e.src+=\"#?secret=\"+t,e.setAttribute(\"data-secret\",t)),e.contentWindow.postMessage({message:\"ready\",secret:t},\"*\")},!1)))}(window,document);\n\/\/# sourceURL=https:\/\/www.aerocycle.com\/wp-includes\/js\/wp-embed.min.js\n\/* ]]> *\/\n<\/script>\n","thumbnail_url":"https:\/\/www.aerocycle.com\/wp-content\/uploads\/2019\/08\/tva.jpg","thumbnail_width":749,"thumbnail_height":530,"description":"L\u2019annonce de l\u2019homologation d\u2019Aerocycle par l\u2019AFRA et l\u2019ASA a suscit\u00e9 une abondante couverture dans les m\u00e9dias en juillet. Rappelons qu\u2019Aerocycle est la premi\u00e8re entreprise de d\u00e9mant\u00e8lement d\u2019avions en fin de vie au Canada \u00e0 obtenir l\u2019homologation de ses op\u00e9rations de d\u00e9sassemblage et de d\u00e9molition par..."}