{"version":"1.0","provider_name":"Aerocycle","provider_url":"https:\/\/www.aerocycle.com\/fr\/","author_name":"Aerocycle","author_url":"https:\/\/www.aerocycle.com\/fr\/author\/aerocycle\/","title":"De vieux avions recycl\u00e9s au nord de Montr\u00e9al - Aerocycle","type":"rich","width":600,"height":338,"html":"<blockquote class=\"wp-embedded-content\" data-secret=\"GbcA260ovw\"><a href=\"https:\/\/www.aerocycle.com\/fr\/2020\/07\/10\/de-vieux-avions-recycles-au-nord-de-montreal\/\">De vieux avions recycl\u00e9s au nord de Montr\u00e9al<\/a><\/blockquote><iframe sandbox=\"allow-scripts\" security=\"restricted\" src=\"https:\/\/www.aerocycle.com\/fr\/2020\/07\/10\/de-vieux-avions-recycles-au-nord-de-montreal\/embed\/#?secret=GbcA260ovw\" width=\"600\" height=\"338\" title=\"\u00ab\u00a0De vieux avions recycl\u00e9s au nord de Montr\u00e9al\u00a0\u00bb &#8212; Aerocycle\" data-secret=\"GbcA260ovw\" frameborder=\"0\" marginwidth=\"0\" marginheight=\"0\" scrolling=\"no\" class=\"wp-embedded-content\"><\/iframe><script type=\"text\/javascript\">\n\/* <![CDATA[ *\/\n\/*! This file is auto-generated *\/\n!function(d,l){\"use strict\";l.querySelector&&d.addEventListener&&\"undefined\"!=typeof URL&&(d.wp=d.wp||{},d.wp.receiveEmbedMessage||(d.wp.receiveEmbedMessage=function(e){var t=e.data;if((t||t.secret||t.message||t.value)&&!\/[^a-zA-Z0-9]\/.test(t.secret)){for(var s,r,n,a=l.querySelectorAll('iframe[data-secret=\"'+t.secret+'\"]'),o=l.querySelectorAll('blockquote[data-secret=\"'+t.secret+'\"]'),c=new RegExp(\"^https?:$\",\"i\"),i=0;i<o.length;i++)o[i].style.display=\"none\";for(i=0;i<a.length;i++)s=a[i],e.source===s.contentWindow&&(s.removeAttribute(\"style\"),\"height\"===t.message?(1e3<(r=parseInt(t.value,10))?r=1e3:~~r<200&&(r=200),s.height=r):\"link\"===t.message&&(r=new URL(s.getAttribute(\"src\")),n=new URL(t.value),c.test(n.protocol))&&n.host===r.host&&l.activeElement===s&&(d.top.location.href=t.value))}},d.addEventListener(\"message\",d.wp.receiveEmbedMessage,!1),l.addEventListener(\"DOMContentLoaded\",function(){for(var e,t,s=l.querySelectorAll(\"iframe.wp-embedded-content\"),r=0;r<s.length;r++)(t=(e=s[r]).getAttribute(\"data-secret\"))||(t=Math.random().toString(36).substring(2,12),e.src+=\"#?secret=\"+t,e.setAttribute(\"data-secret\",t)),e.contentWindow.postMessage({message:\"ready\",secret:t},\"*\")},!1)))}(window,document);\n\/\/# sourceURL=https:\/\/www.aerocycle.com\/wp-includes\/js\/wp-embed.min.js\n\/* ]]> *\/\n<\/script>\n","thumbnail_url":"https:\/\/www.aerocycle.com\/wp-content\/uploads\/2020\/07\/2020-0709-1994_01.jpeg","thumbnail_width":640,"thumbnail_height":360,"description":"La crise dans le monde de l\u2019aviation pousse les entreprises \u00e0 se d\u00e9partir plus rapidement de leurs vieux appareils, trop co\u00fbteux \u00e0 exploiter. Question d\u2019\u00e9conomie, mais aussi question d\u2019\u00e9cologie. Les cimeti\u00e8res d\u2019avions laissent place, tranquillement, \u00e0 d\u2019immenses usines de recyclage. Il n\u2019y en a qu\u2019un..."}