{"id":14869,"date":"2019-05-20T07:51:11","date_gmt":"2019-05-20T05:51:11","guid":{"rendered":"http:\/\/demo.qodeinteractive.com\/bridge23\/?page_id=14869"},"modified":"2025-12-02T22:46:01","modified_gmt":"2025-12-02T21:46:01","slug":"demantelement-avions","status":"publish","type":"page","link":"https:\/\/www.aerocycle.com\/fr\/","title":{"rendered":"Accueil"},"content":{"rendered":"<div class=\"wpb-content-wrapper\"><p>[vc_row css_animation=\u00a0\u00bb\u00a0\u00bb row_type=\u00a0\u00bbrow\u00a0\u00bb use_row_as_full_screen_section=\u00a0\u00bbno\u00a0\u00bb type=\u00a0\u00bbgrid\u00a0\u00bb angled_section=\u00a0\u00bbno\u00a0\u00bb text_align=\u00a0\u00bbleft\u00a0\u00bb background_image_as_pattern=\u00a0\u00bbwithout_pattern\u00a0\u00bb background_color=\u00a0\u00bb#ffffff\u00a0\u00bb z_index=\u00a0\u00bb\u00a0\u00bb][vc_column css=\u00a0\u00bb.vc_custom_1561474683605{margin-top: 50px !important;margin-bottom: 30px !important;}\u00a0\u00bb][vc_column_text]<\/p>\n<h2 style=\"text-align: center;\">Nous d\u00e9mantelons et recyclons vos avions en fin de vie<\/h2>\n<p>[\/vc_column_text][vc_separator type=\u00a0\u00bbtransparent\u00a0\u00bb up=\u00a0\u00bb17&Prime; down=\u00a0\u00bb17&Prime;][vc_column_text el_class=\u00a0\u00bbtext-limit\u00a0\u00bb]<\/p>\n<p style=\"text-align: center;\">Aerocycle offre des services de d\u00e9construction, de mise en pi\u00e8ces et de recyclage d\u2019avions en fin de vie. Nos solutions de d\u00e9mant\u00e8lement \u2013 efficaces et \u00e9coresponsables \u2013 peuvent \u00eatre adapt\u00e9es afin de r\u00e9pondre \u00e0 vos besoins particuliers. De plus, nous assurons la gestion compl\u00e8te de votre avion en fin de vie.<\/p>\n<p style=\"text-align: center;\">En tant que d\u00e9manteleur homologu\u00e9 AFRA, nous menons nos activit\u00e9s \u00e0 l\u2019a\u00e9roport international de Mirabel (YMX) au Qu\u00e9bec, Canada.<\/p>\n<p style=\"text-align: center;\">En tant que fournisseur de pi\u00e8ces homologu\u00e9 ASA-100, nous pouvons stocker, vendre, envoyer pour r\u00e9vision ou mettre au rebut des composants d\u2019avion r\u00e9cup\u00e9r\u00e9s selon un processus strictement contr\u00f4l\u00e9.<\/p>\n<p style=\"text-align: center;\">De plus, nous sommes inscrits au Programme des marchandises contr\u00f4l\u00e9es (PMC) du Gouvernement du Canada.<\/p>\n<p style=\"text-align: center;\">Nos services de gestion d\u2019actifs comprennent le stationnement et le remisage des a\u00e9ronefs, l\u2019inspection avant achat des avions, les services d&rsquo;importation et de v\u00e9rification des dossiers de l\u2019avion. Nous achetons et recyclons \u00e9galement des cellules d&rsquo;avion.<\/p>\n<p>[\/vc_column_text][\/vc_column][\/vc_row][vc_row css_animation=\u00a0\u00bb\u00a0\u00bb row_type=\u00a0\u00bbrow\u00a0\u00bb use_row_as_full_screen_section=\u00a0\u00bbno\u00a0\u00bb type=\u00a0\u00bbgrid\u00a0\u00bb angled_section=\u00a0\u00bbno\u00a0\u00bb text_align=\u00a0\u00bbleft\u00a0\u00bb background_image_as_pattern=\u00a0\u00bbwithout_pattern\u00a0\u00bb padding_top=\u00a0\u00bb95&Prime; padding_bottom=\u00a0\u00bb100&Prime; background_color=\u00a0\u00bb#f4f4f4&Prime; css=\u00a0\u00bb.vc_custom_1561482396557{background-color: #e4e4e4 !important;}\u00a0\u00bb z_index=\u00a0\u00bb\u00a0\u00bb][vc_column][vc_row_inner row_type=\u00a0\u00bbrow\u00a0\u00bb type=\u00a0\u00bbfull_width\u00a0\u00bb text_align=\u00a0\u00bbleft\u00a0\u00bb css_animation=\u00a0\u00bb\u00a0\u00bb][vc_column_inner width=\u00a0\u00bb1\/3&Prime;]<div class='q_icon_with_title tiny custom_icon_image center '><div class=\"icon_holder \" style=\" \"><img decoding=\"async\" src=\"https:\/\/www.aerocycle.com\/wp-content\/uploads\/2025\/07\/Layer_4.png\" alt=\"\"><\/div><div class=\"icon_text_holder\" style=\"\"><div class=\"icon_text_inner\" style=\"\"><h2 class=\"icon_title\" style=\"\">D\u00e9contamination et d\u00e9sassemblage<\/h2><p style=''><\/p><\/div><\/div><\/div>[\/vc_column_inner][vc_column_inner width=\u00a0\u00bb1\/3&Prime;]<div class='q_icon_with_title tiny custom_icon_image center '><div class=\"icon_holder \" style=\" \"><img decoding=\"async\" src=\"https:\/\/www.aerocycle.com\/wp-content\/uploads\/2025\/07\/star.png\" alt=\"\"><\/div><div class=\"icon_text_holder\" style=\"\"><div class=\"icon_text_inner\" style=\"\"><h2 class=\"icon_title\" style=\"\">Traitement et certification de pi\u00e8ces d\u2019a\u00e9ronefs<\/h2><p style=''><\/p><\/div><\/div><\/div>[\/vc_column_inner][vc_column_inner width=\u00a0\u00bb1\/3&Prime;]<div class='q_icon_with_title tiny custom_icon_image center '><div class=\"icon_holder \" style=\" \"><img decoding=\"async\" src=\"https:\/\/www.aerocycle.com\/wp-content\/uploads\/2025\/07\/plane.png\" alt=\"\"><\/div><div class=\"icon_text_holder\" style=\"\"><div class=\"icon_text_inner\" style=\"\"><h2 class=\"icon_title\" style=\"\">Gestion d\u2019actifs<\/h2><p style=''><\/p><\/div><\/div><\/div>[\/vc_column_inner][\/vc_row_inner][\/vc_column][\/vc_row][vc_row css_animation=\u00a0\u00bb\u00a0\u00bb row_type=\u00a0\u00bbrow\u00a0\u00bb use_row_as_full_screen_section=\u00a0\u00bbno\u00a0\u00bb type=\u00a0\u00bbfull_width\u00a0\u00bb angled_section=\u00a0\u00bbno\u00a0\u00bb text_align=\u00a0\u00bbleft\u00a0\u00bb background_image_as_pattern=\u00a0\u00bbwithout_pattern\u00a0\u00bb background_image=\u00a0\u00bb17009&Prime; z_index=\u00a0\u00bb\u00a0\u00bb][vc_column parallax=\u00a0\u00bbcontent-moving\u00a0\u00bb parallax_image=\u00a0\u00bb17009&Prime; parallax_speed_bg=\u00a0\u00bb\u00a0\u00bb css=\u00a0\u00bb.vc_custom_1578523147054{padding-top: 150px !important;padding-bottom: 150px !important;}\u00a0\u00bb][\/vc_column][\/vc_row][vc_row css_animation=\u00a0\u00bb\u00a0\u00bb row_type=\u00a0\u00bbrow\u00a0\u00bb use_row_as_full_screen_section=\u00a0\u00bbno\u00a0\u00bb type=\u00a0\u00bbfull_width\u00a0\u00bb angled_section=\u00a0\u00bbno\u00a0\u00bb text_align=\u00a0\u00bbleft\u00a0\u00bb background_image_as_pattern=\u00a0\u00bbwithout_pattern\u00a0\u00bb background_color=\u00a0\u00bb#ffffff\u00a0\u00bb][vc_column offset=\u00a0\u00bbvc_hidden-lg vc_hidden-md vc_hidden-sm\u00a0\u00bb][qode_elements_holder number_of_columns=\u00a0\u00bbtwo_columns\u00a0\u00bb][qode_elements_holder_item advanced_animations=\u00a0\u00bbno\u00a0\u00bb][vc_single_image image=\u00a0\u00bb17446&Prime; img_size=\u00a0\u00bbfull\u00a0\u00bb alignment=\u00a0\u00bbright\u00a0\u00bb css=\u00a0\u00bb\u00a0\u00bb qode_css_animation=\u00a0\u00bb\u00a0\u00bb][\/qode_elements_holder_item][qode_elements_holder_item advanced_animations=\u00a0\u00bbno\u00a0\u00bb item_padding=\u00a0\u00bb15px 45px 15px 45px\u00a0\u00bb][vc_column_text]<\/p>\n<h3>Qu\u2019est-ce que l\u2019homologation AFRA?<\/h3>\n<p>L\u2019homologation AFRA (Air Fleet Recycling Association) vise \u00e0 informer l\u2019industrie a\u00e9ronautique, ainsi que les clients actuels et potentiels, que les meilleures pratiques de gestion et la responsabilit\u00e9 environnementale sont au c\u0153ur des processus et des pratiques d\u2019une entreprise.[\/vc_column_text][vc_single_image image=\u00a0\u00bb17259&Prime; img_size=\u00a0\u00bbfull\u00a0\u00bb alignment=\u00a0\u00bbcenter\u00a0\u00bb qode_css_animation=\u00a0\u00bb\u00a0\u00bb][\/qode_elements_holder_item][\/qode_elements_holder][\/vc_column][\/vc_row][vc_row css_animation=\u00a0\u00bb\u00a0\u00bb row_type=\u00a0\u00bbrow\u00a0\u00bb use_row_as_full_screen_section=\u00a0\u00bbno\u00a0\u00bb type=\u00a0\u00bbfull_width\u00a0\u00bb angled_section=\u00a0\u00bbno\u00a0\u00bb text_align=\u00a0\u00bbleft\u00a0\u00bb background_image_as_pattern=\u00a0\u00bbwithout_pattern\u00a0\u00bb background_color=\u00a0\u00bb#ffffff\u00a0\u00bb][vc_column offset=\u00a0\u00bbvc_hidden-xs\u00a0\u00bb][qode_elements_holder number_of_columns=\u00a0\u00bbtwo_columns\u00a0\u00bb][qode_elements_holder_item advanced_animations=\u00a0\u00bbno\u00a0\u00bb][vc_single_image image=\u00a0\u00bb17446&Prime; img_size=\u00a0\u00bbfull\u00a0\u00bb alignment=\u00a0\u00bbright\u00a0\u00bb css=\u00a0\u00bb\u00a0\u00bb qode_css_animation=\u00a0\u00bb\u00a0\u00bb][\/qode_elements_holder_item][qode_elements_holder_item advanced_animations=\u00a0\u00bbno\u00a0\u00bb item_padding=\u00a0\u00bb15px 45px 15px 45px\u00a0\u00bb][vc_column_text el_class=\u00a0\u00bbtext-limit-box\u00a0\u00bb]<\/p>\n<h3>Qu\u2019est-ce que l\u2019homologation AFRA?<\/h3>\n<p><a href=\"https:\/\/afraassociation.org\" target=\"_blank\" rel=\"noopener noreferrer\"><img loading=\"lazy\" decoding=\"async\" class=\"wp-image-17259 size-full alignright\" src=\"http:\/\/www.aerocycle.com\/wp-content\/uploads\/2019\/06\/AFRA-Accreditation-Logo-Blue_p.png\" alt=\"\" width=\"277\" height=\"220\" \/><\/a><br \/>\nL\u2019homologation AFRA (<a href=\"https:\/\/afraassociation.org\" target=\"_blank\" rel=\"noopener noreferrer\">Air Fleet Recycling Association<\/a>) vise \u00e0 informer l\u2019industrie a\u00e9ronautique, ainsi que les clients actuels et potentiels, que les meilleures pratiques de gestion et la responsabilit\u00e9 environnementale sont au c\u0153ur des processus et des pratiques d\u2019une entreprise.[\/vc_column_text][\/qode_elements_holder_item][\/qode_elements_holder][\/vc_column][\/vc_row][vc_row css_animation=\u00a0\u00bb\u00a0\u00bb row_type=\u00a0\u00bbrow\u00a0\u00bb use_row_as_full_screen_section=\u00a0\u00bbno\u00a0\u00bb type=\u00a0\u00bbfull_width\u00a0\u00bb angled_section=\u00a0\u00bbno\u00a0\u00bb text_align=\u00a0\u00bbleft\u00a0\u00bb background_image_as_pattern=\u00a0\u00bbwithout_pattern\u00a0\u00bb background_color=\u00a0\u00bb#ffffff\u00a0\u00bb][vc_column offset=\u00a0\u00bbvc_hidden-lg vc_hidden-md vc_hidden-sm\u00a0\u00bb][qode_elements_holder number_of_columns=\u00a0\u00bbtwo_columns\u00a0\u00bb][qode_elements_holder_item advanced_animations=\u00a0\u00bbno\u00a0\u00bb][vc_single_image image=\u00a0\u00bb17443&Prime; img_size=\u00a0\u00bbfull\u00a0\u00bb css=\u00a0\u00bb\u00a0\u00bb qode_css_animation=\u00a0\u00bb\u00a0\u00bb][\/qode_elements_holder_item][qode_elements_holder_item horizontal_alignment=\u00a0\u00bbright\u00a0\u00bb advanced_animations=\u00a0\u00bbno\u00a0\u00bb item_padding=\u00a0\u00bb15px 45px 15px 45px\u00a0\u00bb][vc_column_text]<\/p>\n<h3>Qu\u2019est-ce que la norme ASA-100?<\/h3>\n<p>Cette norme a \u00e9t\u00e9 \u00e9labor\u00e9e par le comit\u00e9 d\u2019assurance de la qualit\u00e9 de l\u2019Association des fournisseurs de l\u2019aviation (ASA). Son objectif est de procurer aux fournisseurs du secteur de l\u2019aviation un syst\u00e8me qualit\u00e9 satisfaisant aux exigences \u00e9nonc\u00e9es dans la circulaire d\u2019information de la FAA AC 00\u201156, Voluntary Industry Distributor Accreditation Program (Programme volontaire d\u2019homologation des distributeurs).[\/vc_column_text][vc_single_image image=\u00a0\u00bb17267&Prime; img_size=\u00a0\u00bbfull\u00a0\u00bb alignment=\u00a0\u00bbcenter\u00a0\u00bb qode_css_animation=\u00a0\u00bb\u00a0\u00bb][\/qode_elements_holder_item][\/qode_elements_holder][\/vc_column][\/vc_row][vc_row css_animation=\u00a0\u00bb\u00a0\u00bb row_type=\u00a0\u00bbrow\u00a0\u00bb use_row_as_full_screen_section=\u00a0\u00bbno\u00a0\u00bb type=\u00a0\u00bbfull_width\u00a0\u00bb angled_section=\u00a0\u00bbno\u00a0\u00bb text_align=\u00a0\u00bbleft\u00a0\u00bb background_image_as_pattern=\u00a0\u00bbwithout_pattern\u00a0\u00bb background_color=\u00a0\u00bb#ffffff\u00a0\u00bb][vc_column offset=\u00a0\u00bbvc_hidden-xs\u00a0\u00bb][qode_elements_holder number_of_columns=\u00a0\u00bbtwo_columns\u00a0\u00bb][qode_elements_holder_item horizontal_alignment=\u00a0\u00bbright\u00a0\u00bb advanced_animations=\u00a0\u00bbno\u00a0\u00bb item_padding=\u00a0\u00bb15px 45px 15px 45px\u00a0\u00bb][vc_column_text css=\u00a0\u00bb\u00a0\u00bb el_class=\u00a0\u00bbtext-limit-box right\u00a0\u00bb]<\/p>\n<h3>Qu\u2019est-ce que la norme ASA-100?<\/h3>\n<p><a href=\"https:\/\/www.aviationsuppliers.org\" target=\"_blank\" rel=\"noopener noreferrer\"><img loading=\"lazy\" decoding=\"async\" class=\"wp-image-17267 size-medium alignright\" src=\"http:\/\/www.aerocycle.com\/wp-content\/uploads\/2019\/06\/ASA100_FAAtag_ReflexProc_p-1-228x300.jpg\" alt=\"\" width=\"228\" height=\"300\" \/><\/a><br \/>\nCette norme a \u00e9t\u00e9 \u00e9labor\u00e9e par le comit\u00e9 d\u2019assurance de la qualit\u00e9 de l\u2019<a href=\"https:\/\/www.aviationsuppliers.org\" target=\"_blank\" rel=\"noopener noreferrer\">Association des fournisseurs de l\u2019aviation<\/a> (ASA). Son objectif est de procurer aux fournisseurs du secteur de l\u2019aviation un syst\u00e8me qualit\u00e9 satisfaisant aux exigences \u00e9nonc\u00e9es dans la circulaire d\u2019information de la FAA AC 00\u201156, Voluntary Industry Distributor Accreditation Program (Programme volontaire d\u2019homologation des distributeurs).[\/vc_column_text][\/qode_elements_holder_item][qode_elements_holder_item advanced_animations=\u00a0\u00bbno\u00a0\u00bb][vc_single_image image=\u00a0\u00bb17443&Prime; img_size=\u00a0\u00bbfull\u00a0\u00bb css=\u00a0\u00bb\u00a0\u00bb qode_css_animation=\u00a0\u00bb\u00a0\u00bb][\/qode_elements_holder_item][\/qode_elements_holder][\/vc_column][\/vc_row][vc_row css_animation=\u00a0\u00bb\u00a0\u00bb row_type=\u00a0\u00bbrow\u00a0\u00bb use_row_as_full_screen_section=\u00a0\u00bbno\u00a0\u00bb type=\u00a0\u00bbfull_width\u00a0\u00bb angled_section=\u00a0\u00bbno\u00a0\u00bb text_align=\u00a0\u00bbleft\u00a0\u00bb background_image_as_pattern=\u00a0\u00bbwithout_pattern\u00a0\u00bb background_color=\u00a0\u00bb#ffffff\u00a0\u00bb][vc_column offset=\u00a0\u00bbvc_hidden-lg vc_hidden-md vc_hidden-sm\u00a0\u00bb][qode_elements_holder number_of_columns=\u00a0\u00bbtwo_columns\u00a0\u00bb][qode_elements_holder_item advanced_animations=\u00a0\u00bbno\u00a0\u00bb][vc_single_image image=\u00a0\u00bb18233&Prime; img_size=\u00a0\u00bbfull\u00a0\u00bb alignment=\u00a0\u00bbright\u00a0\u00bb css=\u00a0\u00bb\u00a0\u00bb qode_css_animation=\u00a0\u00bb\u00a0\u00bb][\/qode_elements_holder_item][qode_elements_holder_item advanced_animations=\u00a0\u00bbno\u00a0\u00bb item_padding=\u00a0\u00bb15px 45px 15px 45px\u00a0\u00bb][vc_column_text]<\/p>\n<h3>\u00c0 propos du PMC<\/h3>\n<p>Aerocycle est inscrite au Programme des marchandises contr\u00f4l\u00e9es (PMC), un programme de conformit\u00e9 qui r\u00e9git l\u2019acc\u00e8s aux marchandises et technologies contr\u00f4l\u00e9es, y compris les articles vis\u00e9s par la R\u00e9glementation des transferts internationaux d\u2019armes (International Traffic in Arms Regulations \u2013 ITAR), au Canada.[\/vc_column_text][vc_single_image image=\u00a0\u00bb18237&Prime; img_size=\u00a0\u00bbfull\u00a0\u00bb alignment=\u00a0\u00bbcenter\u00a0\u00bb css=\u00a0\u00bb.vc_custom_1645040322560{margin-top: 10px !important;}\u00a0\u00bb qode_css_animation=\u00a0\u00bb\u00a0\u00bb][vc_single_image image=\u00a0\u00bb18235&Prime; img_size=\u00a0\u00bbfull\u00a0\u00bb alignment=\u00a0\u00bbcenter\u00a0\u00bb css=\u00a0\u00bb.vc_custom_1645040315250{margin-top: 20px !important;}\u00a0\u00bb qode_css_animation=\u00a0\u00bb\u00a0\u00bb][\/qode_elements_holder_item][\/qode_elements_holder][\/vc_column][\/vc_row][vc_row css_animation=\u00a0\u00bb\u00a0\u00bb row_type=\u00a0\u00bbrow\u00a0\u00bb use_row_as_full_screen_section=\u00a0\u00bbno\u00a0\u00bb type=\u00a0\u00bbfull_width\u00a0\u00bb angled_section=\u00a0\u00bbno\u00a0\u00bb text_align=\u00a0\u00bbleft\u00a0\u00bb background_image_as_pattern=\u00a0\u00bbwithout_pattern\u00a0\u00bb background_color=\u00a0\u00bb#ffffff\u00a0\u00bb][vc_column offset=\u00a0\u00bbvc_hidden-xs\u00a0\u00bb][qode_elements_holder number_of_columns=\u00a0\u00bbtwo_columns\u00a0\u00bb][qode_elements_holder_item advanced_animations=\u00a0\u00bbno\u00a0\u00bb][vc_single_image image=\u00a0\u00bb18233&Prime; img_size=\u00a0\u00bbfull\u00a0\u00bb alignment=\u00a0\u00bbright\u00a0\u00bb css=\u00a0\u00bb\u00a0\u00bb qode_css_animation=\u00a0\u00bb\u00a0\u00bb][\/qode_elements_holder_item][qode_elements_holder_item advanced_animations=\u00a0\u00bbno\u00a0\u00bb item_padding=\u00a0\u00bb30px 45px 30px 45px\u00a0\u00bb][vc_column_text css=\u00a0\u00bb.vc_custom_1764711952268{margin-bottom: 20px !important;}\u00a0\u00bb el_class=\u00a0\u00bbtext-limit-box\u00a0\u00bb]<\/p>\n<h3>\u00c0 propos du PMC<\/h3>\n<p>&nbsp;<\/p>\n<p>Aerocycle est inscrite au Programme des marchandises contr\u00f4l\u00e9es (PMC), un programme de conformit\u00e9 qui r\u00e9git l\u2019acc\u00e8s aux marchandises et technologies contr\u00f4l\u00e9es au Canada.<\/p>\n<p><img loading=\"lazy\" decoding=\"async\" class=\"alignnone wp-image-18237 size-full\" src=\"https:\/\/www.aerocycle.com\/wp-content\/uploads\/2022\/02\/PMC-logo.png\" alt=\"\" width=\"290\" height=\"92\" \/>[\/vc_column_text][\/qode_elements_holder_item][\/qode_elements_holder][\/vc_column][\/vc_row]<\/p>\n<\/div>","protected":false},"excerpt":{"rendered":"<p>[vc_row css_animation=\u00a0\u00bb\u00a0\u00bb row_type=\u00a0\u00bbrow\u00a0\u00bb use_row_as_full_screen_section=\u00a0\u00bbno\u00a0\u00bb type=\u00a0\u00bbgrid\u00a0\u00bb angled_section=\u00a0\u00bbno\u00a0\u00bb text_align=\u00a0\u00bbleft\u00a0\u00bb background_image_as_pattern=\u00a0\u00bbwithout_pattern\u00a0\u00bb background_color=\u00a0\u00bb#ffffff\u00a0\u00bb z_index=\u00a0\u00bb\u00a0\u00bb][vc_column css=\u00a0\u00bb.vc_custom_1561474683605{margin-top: 50px !important;margin-bottom: 30px !important;}\u00a0\u00bb][vc_column_text] Nous d\u00e9mantelons et recyclons vos avions en fin de vie [\/vc_column_text][vc_separator type=\u00a0\u00bbtransparent\u00a0\u00bb up=\u00a0\u00bb17&Prime; down=\u00a0\u00bb17&Prime;][vc_column_text el_class=\u00a0\u00bbtext-limit\u00a0\u00bb] Aerocycle offre des services de d\u00e9construction, de mise en pi\u00e8ces et de recyclage d\u2019avions en&#8230;<\/p>\n","protected":false},"author":2,"featured_media":0,"parent":0,"menu_order":0,"comment_status":"closed","ping_status":"closed","template":"full_width.php","meta":{"footnotes":""},"class_list":["post-14869","page","type-page","status-publish","hentry"],"yoast_head":"<!-- This site is optimized with the Yoast SEO plugin v26.6 - https:\/\/yoast.com\/wordpress\/plugins\/seo\/ -->\n<title>D\u00e9mant\u00e8lement &amp; recyclage d&#039;avions | Pi\u00e8ces et mat\u00e9riaux - Aerocycle<\/title>\n<meta name=\"description\" content=\"Aerocycle offre des services de d\u00e9construction, de mise en pi\u00e8ces et de recyclage d\u2019avions en fin de vie avec des solutions efficaces et \u00e9coresponsables.\" \/>\n<meta name=\"robots\" content=\"index, follow, max-snippet:-1, max-image-preview:large, max-video-preview:-1\" \/>\n<link rel=\"canonical\" href=\"https:\/\/www.aerocycle.com\/fr\/\" \/>\n<meta property=\"og:locale\" content=\"fr_FR\" \/>\n<meta property=\"og:type\" content=\"article\" \/>\n<meta property=\"og:title\" content=\"D\u00e9mant\u00e8lement &amp; recyclage d&#039;avions | Pi\u00e8ces et mat\u00e9riaux - Aerocycle\" \/>\n<meta property=\"og:description\" content=\"Aerocycle offre des services de d\u00e9construction, de mise en pi\u00e8ces et de recyclage d\u2019avions en fin de vie avec des solutions efficaces et \u00e9coresponsables.\" \/>\n<meta property=\"og:url\" content=\"https:\/\/www.aerocycle.com\/fr\/\" \/>\n<meta property=\"og:site_name\" content=\"Aerocycle\" \/>\n<meta property=\"article:modified_time\" content=\"2025-12-02T21:46:01+00:00\" \/>\n<meta property=\"og:image\" content=\"http:\/\/www.aerocycle.com\/wp-content\/uploads\/2019\/06\/AFRA-Accreditation-Logo-Blue_p.png\" \/>\n<meta name=\"twitter:card\" content=\"summary_large_image\" \/>\n<meta name=\"twitter:label1\" content=\"Dur\u00e9e de lecture estim\u00e9e\" \/>\n\t<meta name=\"twitter:data1\" content=\"7 minutes\" \/>\n<script type=\"application\/ld+json\" class=\"yoast-schema-graph\">{\"@context\":\"https:\/\/schema.org\",\"@graph\":[{\"@type\":\"WebPage\",\"@id\":\"https:\/\/www.aerocycle.com\/fr\/\",\"url\":\"https:\/\/www.aerocycle.com\/fr\/\",\"name\":\"D\u00e9mant\u00e8lement & recyclage d'avions | Pi\u00e8ces et mat\u00e9riaux - Aerocycle\",\"isPartOf\":{\"@id\":\"https:\/\/www.aerocycle.com\/fr\/#website\"},\"primaryImageOfPage\":{\"@id\":\"https:\/\/www.aerocycle.com\/fr\/#primaryimage\"},\"image\":{\"@id\":\"https:\/\/www.aerocycle.com\/fr\/#primaryimage\"},\"thumbnailUrl\":\"http:\/\/www.aerocycle.com\/wp-content\/uploads\/2019\/06\/AFRA-Accreditation-Logo-Blue_p.png\",\"datePublished\":\"2019-05-20T05:51:11+00:00\",\"dateModified\":\"2025-12-02T21:46:01+00:00\",\"description\":\"Aerocycle offre des services de d\u00e9construction, de mise en pi\u00e8ces et de recyclage d\u2019avions en fin de vie avec des solutions efficaces et \u00e9coresponsables.\",\"breadcrumb\":{\"@id\":\"https:\/\/www.aerocycle.com\/fr\/#breadcrumb\"},\"inLanguage\":\"fr-FR\",\"potentialAction\":[{\"@type\":\"ReadAction\",\"target\":[\"https:\/\/www.aerocycle.com\/fr\/\"]}]},{\"@type\":\"ImageObject\",\"inLanguage\":\"fr-FR\",\"@id\":\"https:\/\/www.aerocycle.com\/fr\/#primaryimage\",\"url\":\"http:\/\/www.aerocycle.com\/wp-content\/uploads\/2019\/06\/AFRA-Accreditation-Logo-Blue_p.png\",\"contentUrl\":\"http:\/\/www.aerocycle.com\/wp-content\/uploads\/2019\/06\/AFRA-Accreditation-Logo-Blue_p.png\"},{\"@type\":\"BreadcrumbList\",\"@id\":\"https:\/\/www.aerocycle.com\/fr\/#breadcrumb\",\"itemListElement\":[{\"@type\":\"ListItem\",\"position\":1,\"name\":\"Accueil\",\"item\":\"https:\/\/www.aerocycle.com\/fr\/\"},{\"@type\":\"ListItem\",\"position\":2,\"name\":\"Accueil\"}]},{\"@type\":\"WebSite\",\"@id\":\"https:\/\/www.aerocycle.com\/fr\/#website\",\"url\":\"https:\/\/www.aerocycle.com\/fr\/\",\"name\":\"Aerocycle\",\"description\":\"Un site utilisant WordPress\",\"publisher\":{\"@id\":\"https:\/\/www.aerocycle.com\/fr\/#organization\"},\"potentialAction\":[{\"@type\":\"SearchAction\",\"target\":{\"@type\":\"EntryPoint\",\"urlTemplate\":\"https:\/\/www.aerocycle.com\/fr\/?s={search_term_string}\"},\"query-input\":{\"@type\":\"PropertyValueSpecification\",\"valueRequired\":true,\"valueName\":\"search_term_string\"}}],\"inLanguage\":\"fr-FR\"},{\"@type\":\"Organization\",\"@id\":\"https:\/\/www.aerocycle.com\/fr\/#organization\",\"name\":\"Aerocycle\",\"url\":\"https:\/\/www.aerocycle.com\/fr\/\",\"logo\":{\"@type\":\"ImageObject\",\"inLanguage\":\"fr-FR\",\"@id\":\"https:\/\/www.aerocycle.com\/fr\/#\/schema\/logo\/image\/\",\"url\":\"https:\/\/www.aerocycle.com\/wp-content\/uploads\/2019\/06\/logo-Aerocycle-s.png\",\"contentUrl\":\"https:\/\/www.aerocycle.com\/wp-content\/uploads\/2019\/06\/logo-Aerocycle-s.png\",\"width\":103,\"height\":50,\"caption\":\"Aerocycle\"},\"image\":{\"@id\":\"https:\/\/www.aerocycle.com\/fr\/#\/schema\/logo\/image\/\"}}]}<\/script>\n<!-- \/ Yoast SEO plugin. -->","yoast_head_json":{"title":"D\u00e9mant\u00e8lement & recyclage d'avions | Pi\u00e8ces et mat\u00e9riaux - Aerocycle","description":"Aerocycle offre des services de d\u00e9construction, de mise en pi\u00e8ces et de recyclage d\u2019avions en fin de vie avec des solutions efficaces et \u00e9coresponsables.","robots":{"index":"index","follow":"follow","max-snippet":"max-snippet:-1","max-image-preview":"max-image-preview:large","max-video-preview":"max-video-preview:-1"},"canonical":"https:\/\/www.aerocycle.com\/fr\/","og_locale":"fr_FR","og_type":"article","og_title":"D\u00e9mant\u00e8lement & recyclage d'avions | Pi\u00e8ces et mat\u00e9riaux - Aerocycle","og_description":"Aerocycle offre des services de d\u00e9construction, de mise en pi\u00e8ces et de recyclage d\u2019avions en fin de vie avec des solutions efficaces et \u00e9coresponsables.","og_url":"https:\/\/www.aerocycle.com\/fr\/","og_site_name":"Aerocycle","article_modified_time":"2025-12-02T21:46:01+00:00","og_image":[{"url":"http:\/\/www.aerocycle.com\/wp-content\/uploads\/2019\/06\/AFRA-Accreditation-Logo-Blue_p.png","type":"","width":"","height":""}],"twitter_card":"summary_large_image","twitter_misc":{"Dur\u00e9e de lecture estim\u00e9e":"7 minutes"},"schema":{"@context":"https:\/\/schema.org","@graph":[{"@type":"WebPage","@id":"https:\/\/www.aerocycle.com\/fr\/","url":"https:\/\/www.aerocycle.com\/fr\/","name":"D\u00e9mant\u00e8lement & recyclage d'avions | Pi\u00e8ces et mat\u00e9riaux - Aerocycle","isPartOf":{"@id":"https:\/\/www.aerocycle.com\/fr\/#website"},"primaryImageOfPage":{"@id":"https:\/\/www.aerocycle.com\/fr\/#primaryimage"},"image":{"@id":"https:\/\/www.aerocycle.com\/fr\/#primaryimage"},"thumbnailUrl":"http:\/\/www.aerocycle.com\/wp-content\/uploads\/2019\/06\/AFRA-Accreditation-Logo-Blue_p.png","datePublished":"2019-05-20T05:51:11+00:00","dateModified":"2025-12-02T21:46:01+00:00","description":"Aerocycle offre des services de d\u00e9construction, de mise en pi\u00e8ces et de recyclage d\u2019avions en fin de vie avec des solutions efficaces et \u00e9coresponsables.","breadcrumb":{"@id":"https:\/\/www.aerocycle.com\/fr\/#breadcrumb"},"inLanguage":"fr-FR","potentialAction":[{"@type":"ReadAction","target":["https:\/\/www.aerocycle.com\/fr\/"]}]},{"@type":"ImageObject","inLanguage":"fr-FR","@id":"https:\/\/www.aerocycle.com\/fr\/#primaryimage","url":"http:\/\/www.aerocycle.com\/wp-content\/uploads\/2019\/06\/AFRA-Accreditation-Logo-Blue_p.png","contentUrl":"http:\/\/www.aerocycle.com\/wp-content\/uploads\/2019\/06\/AFRA-Accreditation-Logo-Blue_p.png"},{"@type":"BreadcrumbList","@id":"https:\/\/www.aerocycle.com\/fr\/#breadcrumb","itemListElement":[{"@type":"ListItem","position":1,"name":"Accueil","item":"https:\/\/www.aerocycle.com\/fr\/"},{"@type":"ListItem","position":2,"name":"Accueil"}]},{"@type":"WebSite","@id":"https:\/\/www.aerocycle.com\/fr\/#website","url":"https:\/\/www.aerocycle.com\/fr\/","name":"Aerocycle","description":"Un site utilisant WordPress","publisher":{"@id":"https:\/\/www.aerocycle.com\/fr\/#organization"},"potentialAction":[{"@type":"SearchAction","target":{"@type":"EntryPoint","urlTemplate":"https:\/\/www.aerocycle.com\/fr\/?s={search_term_string}"},"query-input":{"@type":"PropertyValueSpecification","valueRequired":true,"valueName":"search_term_string"}}],"inLanguage":"fr-FR"},{"@type":"Organization","@id":"https:\/\/www.aerocycle.com\/fr\/#organization","name":"Aerocycle","url":"https:\/\/www.aerocycle.com\/fr\/","logo":{"@type":"ImageObject","inLanguage":"fr-FR","@id":"https:\/\/www.aerocycle.com\/fr\/#\/schema\/logo\/image\/","url":"https:\/\/www.aerocycle.com\/wp-content\/uploads\/2019\/06\/logo-Aerocycle-s.png","contentUrl":"https:\/\/www.aerocycle.com\/wp-content\/uploads\/2019\/06\/logo-Aerocycle-s.png","width":103,"height":50,"caption":"Aerocycle"},"image":{"@id":"https:\/\/www.aerocycle.com\/fr\/#\/schema\/logo\/image\/"}}]}},"_links":{"self":[{"href":"https:\/\/www.aerocycle.com\/fr\/wp-json\/wp\/v2\/pages\/14869","targetHints":{"allow":["GET"]}}],"collection":[{"href":"https:\/\/www.aerocycle.com\/fr\/wp-json\/wp\/v2\/pages"}],"about":[{"href":"https:\/\/www.aerocycle.com\/fr\/wp-json\/wp\/v2\/types\/page"}],"author":[{"embeddable":true,"href":"https:\/\/www.aerocycle.com\/fr\/wp-json\/wp\/v2\/users\/2"}],"replies":[{"embeddable":true,"href":"https:\/\/www.aerocycle.com\/fr\/wp-json\/wp\/v2\/comments?post=14869"}],"version-history":[{"count":4,"href":"https:\/\/www.aerocycle.com\/fr\/wp-json\/wp\/v2\/pages\/14869\/revisions"}],"predecessor-version":[{"id":18616,"href":"https:\/\/www.aerocycle.com\/fr\/wp-json\/wp\/v2\/pages\/14869\/revisions\/18616"}],"wp:attachment":[{"href":"https:\/\/www.aerocycle.com\/fr\/wp-json\/wp\/v2\/media?parent=14869"}],"curies":[{"name":"wp","href":"https:\/\/api.w.org\/{rel}","templated":true}]}}